{"id":165,"date":"2026-05-08T19:01:47","date_gmt":"2026-05-09T00:01:47","guid":{"rendered":"https:\/\/southsiouxcatholic.org\/bienvenidos-a-st-michaels\/"},"modified":"2026-08-28T21:15:03","modified_gmt":"2026-08-29T02:15:03","slug":"bienvenidos-a-st-michaels","status":"publish","type":"page","link":"https:\/\/southsiouxcatholic.org\/es\/","title":{"rendered":"Bienvenidos a St. Michael&#8217;s"},"content":{"rendered":"\n<figure class=\"wp-block-image alignwide size-large\"><img decoding=\"async\" src=\"https:\/\/southsiouxcatholic.org\/wp-content\/uploads\/2026\/08\/St.-Mikes-banner-08-19-2026-1030x361.jpg\" alt=\"\" class=\"wp-image-550\"\/><\/figure>\n\n\n\n<div class=\"wp-block-cover gb-block-cta\" style=\"padding-top:2%;min-height:13em;aspect-ratio:unset;\"><span aria-hidden=\"true\" class=\"wp-block-cover__background has-background-dim-100 has-background-dim\" style=\"background-color:#f2f2f2\"><\/span><div class=\"wp-block-cover__inner-container is-layout-flow wp-block-cover-is-layout-flow\">\n<h2 class=\"wp-block-heading has-text-align-center\" style=\"font-size:32px;line-height:1\">Anuncios importantes<\/h2>\n\n\n\n<div class=\"wp-block-buttons is-content-justification-center is-layout-flex wp-container-core-buttons-is-layout-fe48e5de wp-block-buttons-is-layout-flex\">\n<div class=\"wp-block-button gb-block-button\"><a class=\"wp-block-button__link has-text-color has-background has-custom-font-size wp-element-button\" style=\"border-radius:5px;color:#ffffff;background-color:#3373dc;padding-top:10px;padding-right:1em;padding-bottom:10px;padding-left:1em;font-size:20px;line-height:1.2\"><strong>HORARIO DE OFICINA:<\/strong><br>Lunes y Mi\u00e9rcoles: 9:00am a 3:00pm<br>Martes y Jueves: 9:00am a 5:00pm<br>Viernes: 9:00am a 12:00pm<\/a><\/div>\n\n\n\n<div class=\"wp-block-button gb-block-button\"><a class=\"wp-block-button__link has-text-color has-background has-custom-font-size wp-element-button\" style=\"border-radius:5px;color:#ffffff;background-color:#3373dc;padding-top:10px;padding-right:1em;padding-bottom:10px;padding-left:1em;font-size:20px;line-height:1.2\">La Parroquia de San Miguel est\u00e1 buscando ni\u00f1os de 6 a 10 a\u00f1os que deseen for<br>mar parte del equipo de soccer y representar a nuestra parroquia durante el tor<br>neo que se llevar\u00e1 a cabo los d\u00edas 25 y 26 de septiembre, como parte de la cele<br>braci\u00f3n del Festival de San Miguel.<br>Si le gustar\u00eda que su hijo formara parte de este equipo, favor de comunicarse<br>con la oficina parroquial al 402-494-5423 o con Sandra Lopes al 712-389-2970<br>para obtener m\u00e1s informaci\u00f3n.<br>\u00a1An\u00edmelo a ser parte de este equipo y a representar con orgullo a nuestra parro<br>quia!<\/a><\/div>\n\n\n\n<div class=\"wp-block-button gb-block-button\"><a class=\"wp-block-button__link has-text-color has-background has-custom-font-size wp-element-button\" style=\"border-radius:5px;color:#ffffff;background-color:#3373dc;padding-top:10px;padding-right:1em;padding-bottom:10px;padding-left:1em;font-size:20px;line-height:1.2\"><strong>Grupo de Vida del Domingo por la Noche<\/strong><br>Grupo de J\u00f3venes<br>Domingo, 30 de agosto<br>6:30 &#8211; 8:00 pm<br>Centro de Educaci\u00f3n Religiosa<br>(Anteriormente la escuela de San Miguel)<br>\u00a1Ven a conocerlo!<\/a><\/div>\n\n\n\n<div class=\"wp-block-button gb-block-button\"><a class=\"wp-block-button__link has-text-color has-background has-custom-font-size wp-element-button\" style=\"border-radius:5px;color:#ffffff;background-color:#3373dc;padding-top:10px;padding-right:1em;padding-bottom:10px;padding-left:1em;font-size:20px;line-height:1.2\"><strong>CAPACITACION DE MONAGUILLOS<\/strong><br>El Padre Guillermo ofrecer\u00e1 capacitaci\u00f3n para monaguillos (ni\u00f1os de tercer<br>grado en adelante) en las siguientes fechas:<br>19 de septiembre, de 9:00 a 10:00 a. m.<br>31 de octubre, de 9:00 a 10:00 a. m.<br>Se solicita a todos los monaguillos que ya sirven actualmente, as\u00ed como a<br>cualquier ni\u00f1o interesado que servir como monaguillo, que asistan en am<br>bas fechas. Si tiene alguna pregunta, por favor comun\u00edquese con el Padre<br>Guillermo a la oficina parroquial al 402-494-5423.<\/a><\/div>\n\n\n\n<div class=\"wp-block-button gb-block-button\"><a class=\"wp-block-button__link has-text-color has-background has-custom-font-size wp-element-button\" style=\"border-radius:5px;color:#ffffff;background-color:#3373dc;padding-top:10px;padding-right:1em;padding-bottom:10px;padding-left:1em;font-size:20px;line-height:1.2\"><strong>Devoci\u00f3n de los Primeros Viernes<\/strong><br>La devoci\u00f3n de los Primeros Viernes en honor al Sagrado Coraz\u00f3n de<br>Jes\u00fas, con oraciones de reparaci\u00f3n por nuestros pecados, tendr\u00e1 lu<br>gar este viernes 4 de septiembre. Comenzaremos con la Santa Misa a<br>las 7:00 p. m., seguida de las confesiones.<br>Todos est\u00e1n invitados a unirse a nosotros en oraci\u00f3n y devoci\u00f3n al<br>Sagrado Coraz\u00f3n de Jes\u00fas.<\/a><\/div>\n<\/div>\n\n\n\n<p class=\"has-text-align-center wp-block-paragraph\" style=\"line-height:1\"><\/p>\n<\/div><\/div>\n\n\n\n<figure class=\"wp-block-image alignwide size-full\"><a href=\"https:\/\/southsiouxcatholic.org\/fr-matts-catechetical-corner\/\"><img decoding=\"async\" src=\"https:\/\/southsiouxcatholic.org\/wp-content\/uploads\/2026\/05\/Catechetical-corner-1.png\" alt=\"\" class=\"wp-image-317\"\/><\/a><\/figure>\n\n\n\n<p class=\"has-text-align-center has-text-color has-background has-link-color has-large-font-size wp-elements-bf5017f14f892531b323ee2a21cede46 wp-block-paragraph\" style=\"color:#000754;background-color:#f3f3f3\">Horarios de misas<\/p>\n\n\n\n<div class=\"wp-block-group is-layout-constrained wp-block-group-is-layout-constrained\">\n<blockquote class=\"wp-block-quote is-layout-flow wp-block-quote-is-layout-flow\">\n<p class=\"has-text-align-center has-medium-font-size wp-block-paragraph\"><strong>S\u00e1bados<\/strong><\/p>\n\n\n\n<p class=\"has-text-align-center wp-block-paragraph\">5:00 pm (Ingl\u00e9s) 7:00 pm (Espa\u00f1ol)<\/p>\n\n\n\n<p class=\"has-text-align-center has-medium-font-size wp-block-paragraph\"><strong>Domingos<\/strong><\/p>\n\n\n\n<p class=\"has-text-align-center wp-block-paragraph\">7:30 am (Ingl\u00e9s)<\/p>\n\n\n\n<p class=\"has-text-align-center wp-block-paragraph\">9:00 am (Ingl\u00e9s)<\/p>\n\n\n\n<p class=\"has-text-align-center wp-block-paragraph\">10:30 am (Biling\u00fce)<\/p>\n\n\n\n<p class=\"has-text-align-center wp-block-paragraph\">12:00 pm (Espa\u00f1ol)<\/p>\n\n\n\n<p class=\"has-text-align-center wp-block-paragraph\">1:30 pm (Espa\u00f1ol)<\/p>\n\n\n\n<p class=\"has-text-align-center has-medium-font-size wp-block-paragraph\"><strong><strong>Lunes:<\/strong> <\/strong>Servicio de Comuni\u00f3n \u2014 6:00 p. m. (Espa\u00f1ol)<strong><br><strong>Martes:<\/strong> <\/strong>8:05 a. m. (Ingl\u00e9s) \u2014 6:00 p. m. (Espa\u00f1ol)<strong><br><strong>Mi\u00e9rcoles:<\/strong> <\/strong>8:05 a. m. (Ingl\u00e9s) \u2014 6:00 p. m. (Espa\u00f1ol)<strong><br><strong>Jueves:<\/strong> <\/strong>8:05 a. m. (Ingl\u00e9s) \u2014 6:00 p. m. (Espa\u00f1ol)<strong><br><strong>Viernes:<\/strong> <\/strong>8:05 a. m. (Ingl\u00e9s)<\/p>\n<\/blockquote>\n<\/div>\n\n\n\n<blockquote class=\"wp-block-quote is-layout-flow wp-block-quote-is-layout-flow\">\n<p class=\"wp-block-paragraph\"><\/p>\n<\/blockquote>\n\n\n\n<div class=\"wp-block-buttons alignfull is-content-justification-center is-layout-flex wp-container-core-buttons-is-layout-fe48e5de wp-block-buttons-is-layout-flex\">\n<div class=\"wp-block-button\"><a class=\"wp-block-button__link wp-element-button\" href=\"https:\/\/southsiouxcatholic.org\/es\/contacto\/\">Contact us<\/a><\/div>\n<\/div>\n\n\n\n<ul class=\"wp-block-social-links is-layout-flex wp-block-social-links-is-layout-flex\"><li class=\"wp-social-link wp-social-link-facebook wp-block-social-link\"><a href=\"https:\/\/www.facebook.com\/stmichaelscatholicchurchssc\" class=\"wp-block-social-link-anchor\"><svg width=\"24\" height=\"24\" viewBox=\"0 0 24 24\" version=\"1.1\" xmlns=\"http:\/\/www.w3.org\/2000\/svg\" aria-hidden=\"true\" focusable=\"false\"><path d=\"M12 2C6.5 2 2 6.5 2 12c0 5 3.7 9.1 8.4 9.9v-7H7.9V12h2.5V9.8c0-2.5 1.5-3.9 3.8-3.9 1.1 0 2.2.2 2.2.2v2.5h-1.3c-1.2 0-1.6.8-1.6 1.6V12h2.8l-.4 2.9h-2.3v7C18.3 21.1 22 17 22 12c0-5.5-4.5-10-10-10z\"><\/path><\/svg><span class=\"wp-block-social-link-label screen-reader-text\">Facebook<\/span><\/a><\/li><\/ul>\n","protected":false},"excerpt":{"rendered":"<p>Horarios de misas S\u00e1bados 5:00 pm (Ingl\u00e9s) 7:00 pm (Espa\u00f1ol) Domingos 7:30 am (Ingl\u00e9s) 9:00 am (Ingl\u00e9s) 10:30 am (Biling\u00fce) 12:00 pm (Espa\u00f1ol) 1:30 pm (Espa\u00f1ol) Lunes: Servicio de Comuni\u00f3n [&hellip;]<\/p>\n","protected":false},"author":5,"featured_media":0,"parent":0,"menu_order":0,"comment_status":"closed","ping_status":"closed","template":"","meta":{"footnotes":"","_links_to":"","_links_to_target":""},"class_list":["post-165","page","type-page","status-publish","hentry"],"featured_image_src":null,"featured_image_src_square":null,"_links":{"self":[{"href":"https:\/\/southsiouxcatholic.org\/es\/wp-json\/wp\/v2\/pages\/165","targetHints":{"allow":["GET"]}}],"collection":[{"href":"https:\/\/southsiouxcatholic.org\/es\/wp-json\/wp\/v2\/pages"}],"about":[{"href":"https:\/\/southsiouxcatholic.org\/es\/wp-json\/wp\/v2\/types\/page"}],"author":[{"embeddable":true,"href":"https:\/\/southsiouxcatholic.org\/es\/wp-json\/wp\/v2\/users\/5"}],"replies":[{"embeddable":true,"href":"https:\/\/southsiouxcatholic.org\/es\/wp-json\/wp\/v2\/comments?post=165"}],"version-history":[{"count":16,"href":"https:\/\/southsiouxcatholic.org\/es\/wp-json\/wp\/v2\/pages\/165\/revisions"}],"predecessor-version":[{"id":583,"href":"https:\/\/southsiouxcatholic.org\/es\/wp-json\/wp\/v2\/pages\/165\/revisions\/583"}],"wp:attachment":[{"href":"https:\/\/southsiouxcatholic.org\/es\/wp-json\/wp\/v2\/media?parent=165"}],"curies":[{"name":"wp","href":"https:\/\/api.w.org\/{rel}","templated":true}]}}